{"id":1305,"date":"2023-08-31T11:57:34","date_gmt":"2023-08-31T11:57:34","guid":{"rendered":"https:\/\/seniorerhverv.org\/kronjylland\/?page_id=1305"},"modified":"2026-04-30T10:02:49","modified_gmt":"2026-04-30T10:02:49","slug":"fastlagte-aktiviteter","status":"publish","type":"page","link":"https:\/\/seniorerhverv.org\/kronjylland\/fastlagte-aktiviteter\/","title":{"rendered":"Fastlagte aktiviteter"},"content":{"rendered":"\t\t<div data-elementor-type=\"wp-page\" data-elementor-id=\"1305\" class=\"elementor elementor-1305\" data-elementor-settings=\"[]\">\n\t\t\t\t\t\t\t<div class=\"elementor-section-wrap\">\n\t\t\t\t\t\t\t<section data-particle_enable=\"false\" data-particle-mobile-disabled=\"false\" class=\"elementor-section elementor-top-section elementor-element elementor-element-224045b0 elementor-section-boxed elementor-section-height-default elementor-section-height-default\" data-id=\"224045b0\" data-element_type=\"section\">\n\t\t\t\t\t\t<div class=\"elementor-container elementor-column-gap-default\">\n\t\t\t\t\t<div class=\"elementor-column elementor-col-100 elementor-top-column elementor-element elementor-element-6a56e868\" data-id=\"6a56e868\" data-element_type=\"column\">\n\t\t\t<div class=\"elementor-widget-wrap elementor-element-populated\">\n\t\t\t\t\t\t\t\t<div class=\"elementor-element elementor-element-50f41bf1 elementor-widget elementor-widget-text-editor\" data-id=\"50f41bf1\" data-element_type=\"widget\" data-widget_type=\"text-editor.default\">\n\t\t\t\t<div class=\"elementor-widget-container\">\n\t\t\t\t\t\t\t<p><span style=\"color: #800080; font-size: 18pt; font-family: arial, helvetica, sans-serif;\"><strong>Aktiviteter p\u00e5 Dannevirkevej 20, 8930 Ran<\/strong><\/span><span style=\"color: #800080; font-size: 18pt; font-family: arial, helvetica, sans-serif;\"><strong>ders N\u00d8.<\/strong><\/span><\/p><p><span style=\"font-family: arial, helvetica, sans-serif; font-size: 14pt;\"><b>Fredag 1 maj.<\/b><\/span><\/p><p><span style=\"font-family: arial, helvetica, sans-serif; font-size: 14pt;\">Kl. 10 \u2013 12:\u00a0 \u00a0 \u00a0 Brunch med mulighed for at m\u00f8de andre medlemmer p\u00e5 tv\u00e6rs af de forskellige arbejdsgrupper.<\/span><\/p><p><span style=\"font-family: arial, helvetica, sans-serif; font-size: 14pt;\"><b>Mandag<\/b><strong><span style=\"font-family: arial, helvetica, sans-serif;\"> 4<\/span> maj.<\/strong><\/span><\/p><p><span style=\"font-family: arial, helvetica, sans-serif; font-size: 14pt;\">Kl. 10 \u2013 12:\u00a0 \u00a0 \u00a0<\/span><span style=\"font-family: arial, helvetica, sans-serif; font-size: 14pt;\"> Netv\u00e6rks-workshop. Styrk dine netv\u00e6rksevner. F\u00e5 dit CV og din ans\u00f8gning til at leve. Vi giver Sparring og Feedback. \u00a0 \u00a0 \u00a0 \u00a0 \u00a0 \u00a0 \u00a0 \u00a0 \u00a0\u00a0<\/span><\/p><p><span style=\"font-family: arial, helvetica, sans-serif; font-size: 14pt;\">Kl. 10 \u2013 14:\u00a0 \u00a0 \u00a0 Kontoret er \u00e5bent. Har du brug for en midlertidig arbejdsplads &#8211; s\u00e5 kom forbi.<\/span><\/p><p><span style=\"font-family: Times New Roman, serif;\"><span style=\"font-size: medium;\"><span style=\"font-family: Arial, sans-serif;\"><span style=\"font-size: large;\"><b>Tirsdag 5<\/b><\/span><\/span><span style=\"font-family: arial, helvetica, sans-serif; font-size: 14pt;\"><strong>\u00a0maj.<\/strong><\/span><\/span><\/span><\/p><p><span style=\"font-size: 14pt;\"><span style=\"font-family: Times New Roman, serif;\"><span style=\"font-family: Arial, sans-serif;\">Kl. 10 \u2013 14:\u00a0 \u00a0 \u00a0 Virksomhedsgruppen m\u00f8des, planl\u00e6gning af 2-3 mands grupper og der k\u00f8res ud og bes\u00f8ges virksomheder. <\/span><\/span><span style=\"font-family: Times New Roman, serif;\"><span style=\"font-family: Arial, sans-serif;\">Alle er velkomne til at deltage.<\/span><\/span><\/span><\/p><p><span style=\"font-family: Times New Roman, serif;\"><span style=\"font-size: medium;\"><span style=\"font-family: Arial, sans-serif;\"><span style=\"font-size: large;\"><span style=\"font-size: 14pt;\">Kl. 10 \u2013 14:<\/span> <span style=\"font-size: 12pt;\">\u00a0 \u00a0 \u00a0 \u00a0<\/span><\/span><\/span><span style=\"color: #333333;\"><span style=\"font-family: Arial, sans-serif;\"><span style=\"font-size: large;\">Kontoret er \u00e5bent.<\/span><\/span><\/span><\/span><\/span><\/p><p><span style=\"font-family: Times New Roman, serif;\"><span style=\"font-size: medium;\"><span style=\"color: #4a5242;\"><span style=\"font-family: Arial, sans-serif;\"><span style=\"font-size: large;\"><b>Onsdag <span style=\"font-size: 14pt;\">6<\/span><\/b><strong><span style=\"font-size: 14pt;\">\u00a0maj.<\/span><\/strong><\/span><\/span><\/span><\/span><\/span><\/p><p><span style=\"font-family: arial, helvetica, sans-serif; font-size: 14pt;\">Kl. 10 \u2013 14:\u00a0 \u00a0 \u00a0 Informationsm\u00f8de for nye jobs\u00f8gende 50+\u2019ere. Foreg\u00e5r p\u00e5 Bane 7 (<\/span><span style=\"font-family: arial, helvetica, sans-serif; font-size: 14pt;\">Badminton Hallen). Morgenmad fra kl. 9. Tilmelding senest 1. maj kl. 10.<\/span><\/p><p><span style=\"font-family: Times New Roman, serif;\"><span style=\"font-size: medium;\"><span style=\"font-family: Arial, sans-serif;\"><span style=\"font-size: large;\"><span style=\"font-size: 14pt;\">Kl. 10 \u2013 14:<\/span>\u00a0 \u00a0 \u00a0 \u00a0Medlemsgruppen m\u00f8des.<\/span><\/span><\/span><\/span><\/p><p><span style=\"font-family: Times New Roman, serif;\"><span style=\"font-size: medium;\"><span style=\"font-family: Arial, sans-serif;\"><span style=\"font-size: large;\"><span style=\"font-size: 14pt;\">Kl. 10 \u2013 14:<\/span>\u00a0 \u00a0 \u00a0 \u00a0Kontoret er \u00e5bent.<\/span><\/span><\/span><\/span><\/p><p style=\"text-align: left;\"><span style=\"font-family: arial, helvetica, sans-serif; font-size: 14pt;\"><b>Torsdag <\/b><strong>7\u00a0maj.<\/strong><\/span><\/p><p style=\"text-align: left;\"><span style=\"font-family: arial, helvetica, sans-serif; font-size: 14pt;\"><span style=\"font-family: Times New Roman, serif;\"><span style=\"font-size: medium;\"><span style=\"font-family: Arial, sans-serif;\"><span style=\"font-size: large;\"><span style=\"font-size: 14pt;\">Kl. 10 \u2013 14:<\/span>\u00a0 \u00a0 \u00a0 \u00a0<\/span><\/span><\/span><\/span>Er IT-gruppen p\u00e5 banen. Hvis du som medlem sidder hjemme og har et it-problem, er du velkommen til at tage din pc med i netv\u00e6rket og f\u00e5 hj\u00e6lp.<\/span><\/p><p style=\"text-align: left;\"><span style=\"font-family: arial, helvetica, sans-serif; font-size: 14pt;\"><b>Fredag 8. maj.<\/b><\/span><\/p><p><span style=\"font-family: arial, helvetica, sans-serif; font-size: 14pt;\">Kl. 10 \u2013 12:\u00a0 \u00a0 \u00a0 Brunch med mulighed for at m\u00f8de andre medlemmer p\u00e5 tv\u00e6rs af de forskellige arbejdsgrupper.<\/span><\/p><p>\u00a0<\/p><p align=\"center\"><span style=\"font-family: Times New Roman, serif; color: #0000ff;\"><span style=\"font-size: medium;\"><span style=\"font-family: Arial, sans-serif;\"><span style=\"font-size: large;\">!!!Brug ogs\u00e5 gerne vores Facebook-gruppe til at holde dig orienteret om, hvad der sker i vores netv\u00e6rk!!!<\/span><\/span><\/span><\/span><\/p><p style=\"text-align: center;\"><span style=\"color: #0000ff; font-family: arial, helvetica, sans-serif; font-size: 14pt;\">Facebook-gruppen hedder: SEkronjylland og er kun for medlemmer.<\/span><\/p>\t\t\t\t\t\t<\/div>\n\t\t\t\t<\/div>\n\t\t\t\t<div class=\"elementor-element elementor-element-8845675 elementor-widget elementor-widget-text-editor\" data-id=\"8845675\" data-element_type=\"widget\" data-widget_type=\"text-editor.default\">\n\t\t\t\t<div class=\"elementor-widget-container\">\n\t\t\t\t\t\t\t\t\t\t\t\t\t<\/div>\n\t\t\t\t<\/div>\n\t\t\t\t<div class=\"elementor-element elementor-element-9d96341 elementor-widget elementor-widget-text-editor\" data-id=\"9d96341\" data-element_type=\"widget\" data-widget_type=\"text-editor.default\">\n\t\t\t\t<div class=\"elementor-widget-container\">\n\t\t\t\t\t\t\t\t\t\t\t\t\t<\/div>\n\t\t\t\t<\/div>\n\t\t\t\t<div class=\"elementor-element elementor-element-56d1d30 elementor-widget__width-auto elementor-fixed elementor-widget elementor-widget-text-editor\" data-id=\"56d1d30\" data-element_type=\"widget\" data-settings=\"{&quot;_position&quot;:&quot;fixed&quot;}\" data-widget_type=\"text-editor.default\">\n\t\t\t\t<div class=\"elementor-widget-container\">\n\t\t\t\t\t\t\t\t\t\t\t\t\t<\/div>\n\t\t\t\t<\/div>\n\t\t\t\t\t<\/div>\n\t\t<\/div>\n\t\t\t\t\t\t\t<\/div>\n\t\t<\/section>\n\t\t\t\t<section data-particle_enable=\"false\" data-particle-mobile-disabled=\"false\" class=\"elementor-section elementor-top-section elementor-element elementor-element-050d2c6 elementor-section-boxed elementor-section-height-default elementor-section-height-default\" data-id=\"050d2c6\" data-element_type=\"section\">\n\t\t\t\t\t\t<div class=\"elementor-container elementor-column-gap-default\">\n\t\t\t\t\t<div class=\"elementor-column elementor-col-100 elementor-top-column elementor-element elementor-element-54d26e3\" data-id=\"54d26e3\" data-element_type=\"column\">\n\t\t\t<div class=\"elementor-widget-wrap elementor-element-populated\">\n\t\t\t\t\t\t\t\t<div class=\"elementor-element elementor-element-020cbb1 elementor-widget elementor-widget-button\" data-id=\"020cbb1\" data-element_type=\"widget\" data-widget_type=\"button.default\">\n\t\t\t\t<div class=\"elementor-widget-container\">\n\t\t\t\t\t<div class=\"elementor-button-wrapper\">\n\t\t\t<a href=\"https:\/\/seniorerhverv.org\/kronjylland\/Flere-aktiviteter\" target=\"_blank\" class=\"elementor-button-link elementor-button elementor-size-sm\" role=\"button\">\n\t\t\t\t\t\t<span class=\"elementor-button-content-wrapper\">\n\t\t\t\t\t\t<span class=\"elementor-button-text\">Flere aktiviteter<\/span>\n\t\t<\/span>\n\t\t\t\t\t<\/a>\n\t\t<\/div>\n\t\t\t\t<\/div>\n\t\t\t\t<\/div>\n\t\t\t\t\t<\/div>\n\t\t<\/div>\n\t\t\t\t\t\t\t<\/div>\n\t\t<\/section>\n\t\t\t\t\t\t<\/div>\n\t\t\t\t\t<\/div>\n\t\t"},"excerpt":{"rendered":"<p>Aktiviteter p\u00e5 Dannevirkevej 20, 8930 Randers N\u00d8. Fredag 1 maj. Kl. 10 \u2013 12:\u00a0 \u00a0 \u00a0 Brunch med mulighed for at m\u00f8de andre medlemmer p\u00e5 tv\u00e6rs af de forskellige arbejdsgrupper. Mandag 4 maj. Kl. 10 \u2013 12:\u00a0 \u00a0 \u00a0 Netv\u00e6rks-workshop. Styrk dine netv\u00e6rksevner. F\u00e5 dit CV og din ans\u00f8gning til at leve. Vi giver Sparring [&hellip;]<\/p>\n","protected":false},"author":7,"featured_media":0,"parent":0,"menu_order":0,"comment_status":"closed","ping_status":"closed","template":"","meta":[],"x_date":"august 31, 2023","x_author":"kronjylland","x_gravatar":"https:\/\/secure.gravatar.com\/avatar\/435e40ceea319e7f5c75fffe931167e8?s=96&d=mm&r=g","x_metadata":{"_elementor_edit_mode":"builder","_elementor_template_type":"wp-page","_eael_custom_js":"","_elementor_page_settings":{"eael_ext_toc_title":"Table of Contents"},"_elementor_data":"[{\"id\":\"224045b0\",\"elType\":\"section\",\"settings\":{\"eael_parallax_layers_list\":[],\"eael_cl_logics\":[{\"_id\":\"c123138\"}]},\"elements\":[{\"id\":\"6a56e868\",\"elType\":\"column\",\"settings\":{\"_column_size\":100,\"eael_cl_logics\":[{\"_id\":\"8de914f\"}]},\"elements\":[{\"id\":\"50f41bf1\",\"elType\":\"widget\",\"settings\":{\"editor\":\"<p><span style=\\\"color: #800080; font-size: 18pt; font-family: arial, helvetica, sans-serif;\\\"><strong>Aktiviteter p\\u00e5 Dannevirkevej 20, 8930 Ran<\\\/strong><\\\/span><span style=\\\"color: #800080; font-size: 18pt; font-family: arial, helvetica, sans-serif;\\\"><strong>ders N\\u00d8.<\\\/strong><\\\/span><\\\/p><p><span style=\\\"font-family: arial, helvetica, sans-serif; font-size: 14pt;\\\"><b>Fredag 1 maj.<\\\/b><\\\/span><\\\/p><p><span style=\\\"font-family: arial, helvetica, sans-serif; font-size: 14pt;\\\">Kl. 10 \\u2013 12:\\u00a0 \\u00a0 \\u00a0 Brunch med mulighed for at m\\u00f8de andre medlemmer p\\u00e5 tv\\u00e6rs af de forskellige arbejdsgrupper.<\\\/span><\\\/p><p><span style=\\\"font-family: arial, helvetica, sans-serif; font-size: 14pt;\\\"><b>Mandag<\\\/b><strong><span style=\\\"font-family: arial, helvetica, sans-serif;\\\"> 4<\\\/span> maj.<\\\/strong><\\\/span><\\\/p><p><span style=\\\"font-family: arial, helvetica, sans-serif; font-size: 14pt;\\\">Kl. 10 \\u2013 12:\\u00a0 \\u00a0 \\u00a0<\\\/span><span style=\\\"font-family: arial, helvetica, sans-serif; font-size: 14pt;\\\"> Netv\\u00e6rks-workshop. Styrk dine netv\\u00e6rksevner. F\\u00e5 dit CV og din ans\\u00f8gning til at leve. Vi giver Sparring og Feedback. \\u00a0 \\u00a0 \\u00a0 \\u00a0 \\u00a0 \\u00a0 \\u00a0 \\u00a0 \\u00a0\\u00a0<\\\/span><\\\/p><p><span style=\\\"font-family: arial, helvetica, sans-serif; font-size: 14pt;\\\">Kl. 10 \\u2013 14:\\u00a0 \\u00a0 \\u00a0 Kontoret er \\u00e5bent. Har du brug for en midlertidig arbejdsplads - s\\u00e5 kom forbi.<\\\/span><\\\/p><p><span style=\\\"font-family: Times New Roman, serif;\\\"><span style=\\\"font-size: medium;\\\"><span style=\\\"font-family: Arial, sans-serif;\\\"><span style=\\\"font-size: large;\\\"><b>Tirsdag 5<\\\/b><\\\/span><\\\/span><span style=\\\"font-family: arial, helvetica, sans-serif; font-size: 14pt;\\\"><strong>\\u00a0maj.<\\\/strong><\\\/span><\\\/span><\\\/span><\\\/p><p><span style=\\\"font-size: 14pt;\\\"><span style=\\\"font-family: Times New Roman, serif;\\\"><span style=\\\"font-family: Arial, sans-serif;\\\">Kl. 10 \\u2013 14:\\u00a0 \\u00a0 \\u00a0 Virksomhedsgruppen m\\u00f8des, planl\\u00e6gning af 2-3 mands grupper og der k\\u00f8res ud og bes\\u00f8ges virksomheder. <\\\/span><\\\/span><span style=\\\"font-family: Times New Roman, serif;\\\"><span style=\\\"font-family: Arial, sans-serif;\\\">Alle er velkomne til at deltage.<\\\/span><\\\/span><\\\/span><\\\/p><p><span style=\\\"font-family: Times New Roman, serif;\\\"><span style=\\\"font-size: medium;\\\"><span style=\\\"font-family: Arial, sans-serif;\\\"><span style=\\\"font-size: large;\\\"><span style=\\\"font-size: 14pt;\\\">Kl. 10 \\u2013 14:<\\\/span> <span style=\\\"font-size: 12pt;\\\">\\u00a0 \\u00a0 \\u00a0 \\u00a0<\\\/span><\\\/span><\\\/span><span style=\\\"color: #333333;\\\"><span style=\\\"font-family: Arial, sans-serif;\\\"><span style=\\\"font-size: large;\\\">Kontoret er \\u00e5bent.<\\\/span><\\\/span><\\\/span><\\\/span><\\\/span><\\\/p><p><span style=\\\"font-family: Times New Roman, serif;\\\"><span style=\\\"font-size: medium;\\\"><span style=\\\"color: #4a5242;\\\"><span style=\\\"font-family: Arial, sans-serif;\\\"><span style=\\\"font-size: large;\\\"><b>Onsdag <span style=\\\"font-size: 14pt;\\\">6<\\\/span><\\\/b><strong><span style=\\\"font-size: 14pt;\\\">\\u00a0maj.<\\\/span><\\\/strong><\\\/span><\\\/span><\\\/span><\\\/span><\\\/span><\\\/p><p><span style=\\\"font-family: arial, helvetica, sans-serif; font-size: 14pt;\\\">Kl. 10 \\u2013 14:\\u00a0 \\u00a0 \\u00a0 Informationsm\\u00f8de for nye jobs\\u00f8gende 50+\\u2019ere. Foreg\\u00e5r p\\u00e5 Bane 7 (<\\\/span><span style=\\\"font-family: arial, helvetica, sans-serif; font-size: 14pt;\\\">Badminton Hallen). Morgenmad fra kl. 9. Tilmelding senest 1. maj kl. 10.<\\\/span><\\\/p><p><span style=\\\"font-family: Times New Roman, serif;\\\"><span style=\\\"font-size: medium;\\\"><span style=\\\"font-family: Arial, sans-serif;\\\"><span style=\\\"font-size: large;\\\"><span style=\\\"font-size: 14pt;\\\">Kl. 10 \\u2013 14:<\\\/span>\\u00a0 \\u00a0 \\u00a0 \\u00a0Medlemsgruppen m\\u00f8des.<\\\/span><\\\/span><\\\/span><\\\/span><\\\/p><p><span style=\\\"font-family: Times New Roman, serif;\\\"><span style=\\\"font-size: medium;\\\"><span style=\\\"font-family: Arial, sans-serif;\\\"><span style=\\\"font-size: large;\\\"><span style=\\\"font-size: 14pt;\\\">Kl. 10 \\u2013 14:<\\\/span>\\u00a0 \\u00a0 \\u00a0 \\u00a0Kontoret er \\u00e5bent.<\\\/span><\\\/span><\\\/span><\\\/span><\\\/p><p style=\\\"text-align: left;\\\"><span style=\\\"font-family: arial, helvetica, sans-serif; font-size: 14pt;\\\"><b>Torsdag <\\\/b><strong>7\\u00a0maj.<\\\/strong><\\\/span><\\\/p><p style=\\\"text-align: left;\\\"><span style=\\\"font-family: arial, helvetica, sans-serif; font-size: 14pt;\\\"><span style=\\\"font-family: Times New Roman, serif;\\\"><span style=\\\"font-size: medium;\\\"><span style=\\\"font-family: Arial, sans-serif;\\\"><span style=\\\"font-size: large;\\\"><span style=\\\"font-size: 14pt;\\\">Kl. 10 \\u2013 14:<\\\/span>\\u00a0 \\u00a0 \\u00a0 \\u00a0<\\\/span><\\\/span><\\\/span><\\\/span>Er IT-gruppen p\\u00e5 banen. Hvis du som medlem sidder hjemme og har et it-problem, er du velkommen til at tage din pc med i netv\\u00e6rket og f\\u00e5 hj\\u00e6lp.<\\\/span><\\\/p><p style=\\\"text-align: left;\\\"><span style=\\\"font-family: arial, helvetica, sans-serif; font-size: 14pt;\\\"><b>Fredag 8. maj.<\\\/b><\\\/span><\\\/p><p><span style=\\\"font-family: arial, helvetica, sans-serif; font-size: 14pt;\\\">Kl. 10 \\u2013 12:\\u00a0 \\u00a0 \\u00a0 Brunch med mulighed for at m\\u00f8de andre medlemmer p\\u00e5 tv\\u00e6rs af de forskellige arbejdsgrupper.<\\\/span><\\\/p><p>\\u00a0<\\\/p><p align=\\\"center\\\"><span style=\\\"font-family: Times New Roman, serif; color: #0000ff;\\\"><span style=\\\"font-size: medium;\\\"><span style=\\\"font-family: Arial, sans-serif;\\\"><span style=\\\"font-size: large;\\\">!!!Brug ogs\\u00e5 gerne vores Facebook-gruppe til at holde dig orienteret om, hvad der sker i vores netv\\u00e6rk!!!<\\\/span><\\\/span><\\\/span><\\\/span><\\\/p><p style=\\\"text-align: center;\\\"><span style=\\\"color: #0000ff; font-family: arial, helvetica, sans-serif; font-size: 14pt;\\\">Facebook-gruppen hedder: SEkronjylland og er kun for medlemmer.<\\\/span><\\\/p>\",\"eael_tooltip_section_content\":\"I am a tooltip\",\"eael_ext_content_protection_password_placeholder\":\"Enter Password\",\"eael_ext_content_protection_password_submit_btn_txt\":\"Submit\",\"eael_ext_content_protection_password_incorrect_message\":\"Password does not match.\",\"eael_cl_logics\":[{\"_id\":\"f1135bb\"}],\"_element_vertical_align\":\"flex-end\"},\"elements\":[],\"widgetType\":\"text-editor\"},{\"id\":\"8845675\",\"elType\":\"widget\",\"settings\":{\"editor\":\"\",\"eael_tooltip_section_content\":\"I am a tooltip\",\"eael_ext_content_protection_password_placeholder\":\"Enter Password\",\"eael_ext_content_protection_password_submit_btn_txt\":\"Submit\",\"eael_ext_content_protection_password_incorrect_message\":\"Password does not match.\",\"eael_cl_logics\":[{\"_id\":\"8a9f984\"}]},\"elements\":[],\"widgetType\":\"text-editor\"},{\"id\":\"9d96341\",\"elType\":\"widget\",\"settings\":{\"editor\":\"\",\"eael_tooltip_section_content\":\"I am a tooltip\",\"eael_ext_content_protection_password_placeholder\":\"Enter Password\",\"eael_ext_content_protection_password_submit_btn_txt\":\"Submit\",\"eael_ext_content_protection_password_incorrect_message\":\"Password does not match.\",\"eael_cl_logics\":[{\"_id\":\"ab3928b\"}]},\"elements\":[],\"widgetType\":\"text-editor\"},{\"id\":\"56d1d30\",\"elType\":\"widget\",\"settings\":{\"editor\":\"\",\"eael_tooltip_section_content\":\"I am a tooltip\",\"eael_ext_content_protection_password_placeholder\":\"Enter Password\",\"eael_ext_content_protection_password_submit_btn_txt\":\"Submit\",\"eael_ext_content_protection_password_incorrect_message\":\"Password does not match.\",\"eael_cl_logics\":[{\"_id\":\"22e0e57\"}],\"_element_width\":\"auto\",\"_position\":\"fixed\",\"_offset_x\":{\"unit\":\"px\",\"size\":597,\"sizes\":[]},\"_offset_y\":{\"unit\":\"px\",\"size\":472,\"sizes\":[]},\"_offset_x_widescreen\":{\"size\":581},\"_offset_y_widescreen\":{\"size\":492}},\"elements\":[],\"widgetType\":\"text-editor\"}],\"isInner\":false}],\"isInner\":false},{\"id\":\"050d2c6\",\"elType\":\"section\",\"settings\":{\"eael_parallax_layers_list\":[],\"eael_cl_logics\":[{\"_id\":\"85b6b93\"}]},\"elements\":[{\"id\":\"54d26e3\",\"elType\":\"column\",\"settings\":{\"_column_size\":100,\"_inline_size\":null,\"eael_cl_logics\":[{\"_id\":\"ac6000c\"}]},\"elements\":[{\"id\":\"020cbb1\",\"elType\":\"widget\",\"settings\":{\"text\":\"Flere aktiviteter\",\"link\":{\"url\":\"https:\\\/\\\/seniorerhverv.org\\\/kronjylland\\\/Flere-aktiviteter\",\"is_external\":\"on\",\"nofollow\":\"\",\"custom_attributes\":\"\"},\"eael_tooltip_section_content\":\"I am a tooltip\",\"eael_ext_content_protection_password_placeholder\":\"Enter Password\",\"eael_ext_content_protection_password_submit_btn_txt\":\"Submit\",\"eael_ext_content_protection_password_incorrect_message\":\"Password does not match.\",\"eael_cl_logics\":[{\"_id\":\"eefd0af\"}]},\"elements\":[],\"widgetType\":\"button\"}],\"isInner\":false}],\"isInner\":false}]","_elementor_page_assets":[],"_elementor_version":"3.4.4","_elementor_pro_version":"3.2.1","_elementor_controls_usage":{"text-editor":{"count":4,"control_percent":2,"controls":{"content":{"section_editor":{"editor":4}},"advanced":{"eael_conditional_logic_section":{"eael_cl_logics":4},"_section_position":{"_element_vertical_align":1,"_element_width":1,"_position":1,"_offset_x":1,"_offset_y":1}}}},"column":{"count":2,"control_percent":1,"controls":{"advanced":{"eael_conditional_logic_section":{"eael_cl_logics":2}},"layout":{"layout":{"_inline_size":1}}}},"section":{"count":2,"control_percent":0,"controls":{"advanced":{"eael_conditional_logic_section":{"eael_cl_logics":2}}}},"button":{"count":1,"control_percent":1,"controls":{"content":{"section_button":{"text":1,"link":1}},"advanced":{"eael_conditional_logic_section":{"eael_cl_logics":1}}}}},"_elementor_css":{"time":1777543883,"fonts":[],"icons":[""],"dynamic_elements_ids":[],"status":"file","0":""}},"_links":{"self":[{"href":"https:\/\/seniorerhverv.org\/kronjylland\/wp-json\/wp\/v2\/pages\/1305"}],"collection":[{"href":"https:\/\/seniorerhverv.org\/kronjylland\/wp-json\/wp\/v2\/pages"}],"about":[{"href":"https:\/\/seniorerhverv.org\/kronjylland\/wp-json\/wp\/v2\/types\/page"}],"author":[{"embeddable":true,"href":"https:\/\/seniorerhverv.org\/kronjylland\/wp-json\/wp\/v2\/users\/7"}],"replies":[{"embeddable":true,"href":"https:\/\/seniorerhverv.org\/kronjylland\/wp-json\/wp\/v2\/comments?post=1305"}],"version-history":[{"count":964,"href":"https:\/\/seniorerhverv.org\/kronjylland\/wp-json\/wp\/v2\/pages\/1305\/revisions"}],"predecessor-version":[{"id":4027,"href":"https:\/\/seniorerhverv.org\/kronjylland\/wp-json\/wp\/v2\/pages\/1305\/revisions\/4027"}],"wp:attachment":[{"href":"https:\/\/seniorerhverv.org\/kronjylland\/wp-json\/wp\/v2\/media?parent=1305"}],"curies":[{"name":"wp","href":"https:\/\/api.w.org\/{rel}","templated":true}]}}